{"id":54444,"date":"2023-10-24T17:57:36","date_gmt":"2023-10-24T15:57:36","guid":{"rendered":"https:\/\/textilundkunst.ch\/?post_type=dt_team&#038;p=54444"},"modified":"2026-02-12T06:53:13","modified_gmt":"2026-02-12T05:53:13","slug":"sticken-auf-papier-und-karton","status":"publish","type":"dt_team","link":"https:\/\/textilundkunst.ch\/index.php\/dt_team\/sticken-auf-papier-und-karton\/","title":{"rendered":"Sticken auf Papier und Karton &#8211; Spielereien mit Nadel und Faden"},"content":{"rendered":"\r\n<p>Workshop unter der Kursleitung Pia-Rohrer.ch<\/p>\r\n<table style=\"width: 100%; height: 378px;\" border=\"0\" cellpadding=\"5\">\r\n<tbody>\r\n<tr style=\"height: 34px;\">\r\n<td style=\"width: 32.882012%; height: 34px;\" align=\"right\" valign=\"top\"><strong>Datum:<\/strong><\/td>\r\n<td style=\"width: 65.5706%; height: 34px;\">\r\n<p>Samstag, 31. Oktober 2026<\/p>\r\n<\/td>\r\n<\/tr>\r\n<tr style=\"height: 34px;\">\r\n<td style=\"width: 32.882012%; height: 34px;\" align=\"right\" valign=\"top\"><strong>Kurszeiten:<\/strong><\/td>\r\n<td style=\"width: 65.5706%; height: 34px;\">9.30h bis 16.30h<\/td>\r\n<\/tr>\r\n<tr style=\"height: 34px;\">\r\n<td style=\"width: 32.882012%; height: 34px;\" align=\"right\" valign=\"top\"><strong>Voraussetzung<\/strong>:<\/td>\r\n<td style=\"width: 65.5706%; height: 34px;\">keine<\/td>\r\n<\/tr>\r\n<tr style=\"height: 34px;\">\r\n<td style=\"width: 32.882012%; height: 34px;\" align=\"right\" valign=\"top\"><strong>Kosten:<\/strong><\/td>\r\n<td style=\"width: 65.5706%; height: 34px;\">180.- CHF (Material inbegriffen)<\/td>\r\n<\/tr>\r\n<tr style=\"height: 242px;\">\r\n<td style=\"width: 32.882012%; height: 242px;\" align=\"right\" valign=\"top\"><strong>Beschreibung:<\/strong><\/td>\r\n<td style=\"width: 65.5706%; height: 242px;\">\r\n<ul>\r\n<li><span style=\"word-spacing: normal;\">mit verschiedenen Handstichen auf verschiedenen Papieren und Karton sticken.\u00a0<\/span><\/li>\r\n<li>vorbereitete dekorative Collagen k\u00f6nnen mitgebracht werden zum besticken oder auch Postkarten etc.\u00a0<\/li>\r\n<li>Es wird eine kurze Einf\u00fchrung in das freie N\u00e4hmaschinensticken geben.\u00a0<\/li>\r\n<li>wir werden eine Karte mit einem beliebigen Buchstaben besticken, weitere Papiere und Karten werden kleinfl\u00e4chig als Effekt bestickt.\u00a0<\/li>\r\n<li>Der Kurs eignet sich f\u00fcr Anf\u00e4ngerInnen sowie fortgeschrittene Stickerinnen und Menschen, die Freude am Entwerfen, Gestalten und gerne pers\u00f6nliche Geschenke herstellen.\u00a0<br \/><br \/><\/li>\r\n<\/ul>\r\n<p><span style=\"word-spacing: normal;\">Der Workshop findet bei mind. 6 Anmeldungen statt. <br \/><\/span><span style=\"word-spacing: normal;\">Eine Materialliste folgt nach der Anmeldung.\u00a0<\/span><\/p>\r\n<\/td>\r\n<\/tr>\r\n<\/tbody>\r\n<\/table>\r\n<p><span style=\"font-family: Raleway, Helvetica, Arial, Verdana, sans-serif; font-size: 20px; font-weight: bold; word-spacing: normal;\">Anmeldung<\/span><\/p>\r\n\n<div class=\"wpcf7 no-js\" id=\"wpcf7-f54445-o1\" lang=\"de-DE\" dir=\"ltr\" data-wpcf7-id=\"54445\">\n<div class=\"screen-reader-response\"><p role=\"status\" aria-live=\"polite\" aria-atomic=\"true\"><\/p> <ul><\/ul><\/div>\n<form action=\"\/index.php\/wp-json\/wp\/v2\/dt_team\/54444#wpcf7-f54445-o1\" method=\"post\" class=\"wpcf7-form init\" aria-label=\"Kontaktformular\" novalidate=\"novalidate\" data-status=\"init\">\n<fieldset class=\"hidden-fields-container\"><input type=\"hidden\" name=\"_wpcf7\" value=\"54445\" \/><input type=\"hidden\" name=\"_wpcf7_version\" value=\"6.1.5\" \/><input type=\"hidden\" name=\"_wpcf7_locale\" value=\"de_DE\" \/><input type=\"hidden\" name=\"_wpcf7_unit_tag\" value=\"wpcf7-f54445-o1\" \/><input type=\"hidden\" name=\"_wpcf7_container_post\" value=\"0\" \/><input type=\"hidden\" name=\"_wpcf7_posted_data_hash\" value=\"\" \/>\n<\/fieldset>\n<p>Bitte das folgende Formular ausf\u00fcllen und absenden.\n<\/p>\n<p><label> Vorname, Name: (Pflichtfeld)<br \/>\n<span class=\"wpcf7-form-control-wrap\" data-name=\"vorname-name\"><input size=\"40\" maxlength=\"400\" class=\"wpcf7-form-control wpcf7-text wpcf7-validates-as-required\" aria-required=\"true\" aria-invalid=\"false\" value=\"\" type=\"text\" name=\"vorname-name\" \/><\/span> <\/label><br \/>\n<label> Strasse Nr.(Pflichtfeld)<br \/>\n<span class=\"wpcf7-form-control-wrap\" data-name=\"strasse\"><input size=\"40\" maxlength=\"400\" class=\"wpcf7-form-control wpcf7-text wpcf7-validates-as-required\" aria-required=\"true\" aria-invalid=\"false\" value=\"\" type=\"text\" name=\"strasse\" \/><\/span> <\/label><br \/>\n<label> Adresszusatz<br \/>\n<span class=\"wpcf7-form-control-wrap\" data-name=\"zusatz\"><input size=\"40\" maxlength=\"400\" class=\"wpcf7-form-control wpcf7-text\" aria-invalid=\"false\" value=\"\" type=\"text\" name=\"zusatz\" \/><\/span> <\/label><br \/>\n<label> PLZ, Ort: (Pflichtfeld)<br \/>\n<span class=\"wpcf7-form-control-wrap\" data-name=\"plz-ort\"><input size=\"40\" maxlength=\"400\" class=\"wpcf7-form-control wpcf7-text wpcf7-validates-as-required\" aria-required=\"true\" aria-invalid=\"false\" value=\"\" type=\"text\" name=\"plz-ort\" \/><\/span> <\/label>\n<\/p>\n<p><label> Telefon: (Pflichtfeld)<br \/>\n<span class=\"wpcf7-form-control-wrap\" data-name=\"tel001\"><input size=\"40\" maxlength=\"400\" class=\"wpcf7-form-control wpcf7-tel wpcf7-validates-as-required wpcf7-text wpcf7-validates-as-tel\" aria-required=\"true\" aria-invalid=\"false\" value=\"\" type=\"tel\" name=\"tel001\" \/><\/span><\/label><br \/>\n<label> E-Mail: (Pflichtfeld)<br \/>\n<span class=\"wpcf7-form-control-wrap\" data-name=\"email001\"><input size=\"40\" maxlength=\"400\" class=\"wpcf7-form-control wpcf7-email wpcf7-validates-as-required wpcf7-text wpcf7-validates-as-email\" aria-required=\"true\" aria-invalid=\"false\" value=\"\" type=\"email\" name=\"email001\" \/><\/span> <\/label>\n<\/p>\n<p><span class=\"wpcf7-form-control-wrap\" data-name=\"Newsletter\"><span class=\"wpcf7-form-control wpcf7-checkbox\"><span class=\"wpcf7-list-item first last\"><input type=\"checkbox\" name=\"Newsletter[]\" value=\"Ja ich melde mich f\u00fcr die Newsletter von Textil und Kunst an.\" \/><span class=\"wpcf7-list-item-label\">Ja ich melde mich f\u00fcr die Newsletter von Textil und Kunst an.<\/span><\/span><\/span><\/span>\n<\/p>\n<p><label> Bemerkung:<br \/>\n<span class=\"wpcf7-form-control-wrap\" data-name=\"bemerkung\"><textarea cols=\"40\" rows=\"10\" maxlength=\"2000\" class=\"wpcf7-form-control wpcf7-textarea\" aria-invalid=\"false\" name=\"bemerkung\"><\/textarea><\/span><\/label>\n<\/p>\n<p><input class=\"wpcf7-form-control wpcf7-submit has-spinner\" type=\"submit\" value=\"Senden\" \/>\n<\/p><div class=\"wpcf7-response-output\" aria-hidden=\"true\"><\/div>\n<\/form>\n<\/div>\n\r\n<p>&nbsp;<\/p>\r\n","protected":false},"excerpt":{"rendered":"<p>Wir werden eine Karte mit einem beliebigen Buchstaben besticken, weitere Papiere und Karten werden kleinfl\u00e4chig als Effekt bestickt&#8230;<\/p>\n","protected":false},"featured_media":54484,"comment_status":"closed","ping_status":"closed","template":"","dt_team_category":[224],"class_list":["post-54444","dt_team","type-dt_team","status-publish","has-post-thumbnail","hentry","dt_team_category-kurse","dt_team_category-224","description-off"],"_links":{"self":[{"href":"https:\/\/textilundkunst.ch\/index.php\/wp-json\/wp\/v2\/dt_team\/54444","targetHints":{"allow":["GET"]}}],"collection":[{"href":"https:\/\/textilundkunst.ch\/index.php\/wp-json\/wp\/v2\/dt_team"}],"about":[{"href":"https:\/\/textilundkunst.ch\/index.php\/wp-json\/wp\/v2\/types\/dt_team"}],"replies":[{"embeddable":true,"href":"https:\/\/textilundkunst.ch\/index.php\/wp-json\/wp\/v2\/comments?post=54444"}],"wp:featuredmedia":[{"embeddable":true,"href":"https:\/\/textilundkunst.ch\/index.php\/wp-json\/wp\/v2\/media\/54484"}],"wp:attachment":[{"href":"https:\/\/textilundkunst.ch\/index.php\/wp-json\/wp\/v2\/media?parent=54444"}],"wp:term":[{"taxonomy":"dt_team_category","embeddable":true,"href":"https:\/\/textilundkunst.ch\/index.php\/wp-json\/wp\/v2\/dt_team_category?post=54444"}],"curies":[{"name":"wp","href":"https:\/\/api.w.org\/{rel}","templated":true}]}}