{"id":497,"date":"2014-04-01T12:03:00","date_gmt":"2014-04-01T10:03:00","guid":{"rendered":"http:\/\/the7.dream-demo.com\/business\/?post_type=dt_team&#038;p=497"},"modified":"2024-09-14T11:09:17","modified_gmt":"2024-09-14T09:09:17","slug":"schneidern","status":"publish","type":"dt_team","link":"https:\/\/textilundkunst.ch\/index.php\/dt_team\/schneidern\/","title":{"rendered":"Schneiderepoche"},"content":{"rendered":"<p>mit Sarah Quirici<\/p>\n<table border=\"0\" cellpadding=\"5\">\n<tbody>\n<tr>\n<td align=\"right\" valign=\"top\"><strong>Datum:<\/strong><\/td>\n<td>Samstag und Sonntag, 15. und 16. Februar 2025 &#8211; bereits ausgebucht; bei Interesse melden Sie sich gerne bei uns dann informieren wir Sie vorab \u00fcber neue Termine.<\/td>\n<\/tr>\n<tr>\n<td align=\"right\" valign=\"top\"><strong>Kurszeiten:<\/strong><\/td>\n<td>8.30 &#8211; 17.30\/17.00 Uhr mit Mittagspause<\/td>\n<\/tr>\n<tr>\n<td align=\"right\" valign=\"top\"><strong>Voraussetzung: <\/strong><\/td>\n<td>Maschinenn\u00e4hen<\/td>\n<\/tr>\n<tr>\n<td align=\"right\" valign=\"top\"><strong>Kosten:<\/strong><\/td>\n<td>350.- CHF exkl. Stoffe<\/td>\n<\/tr>\n<tr>\n<td align=\"right\" valign=\"top\"><strong>Beschreibung:<\/strong><\/td>\n<td>Einf\u00fchrung in die Schneiderepoche der 9. KlasseP\u00e4dagogik \u2013 Methodik \u2013 DidaktikPraktische Arbeit:<br \/>\nAnhand eines selbstausgew\u00e4hltem Schnittmusters erarbeiten wir ein Kleidungsst\u00fcck, so wie man mit den Sch\u00fclern im Zeitraum der gegebenen Epoche vorgeht.Dieser Kurs berechtigt, die Schneider-Epoche der 9.\/10. Klasse zu unterrichten.Wenn sie Interesse an diesem Kurs haben, bitten wir Sie dies uns mitzuteilen. Vielen Dank.<\/p>\n<p>Teilnehmerzahl: 6<\/td>\n<\/tr>\n<\/tbody>\n<\/table>\n<h4><\/h4>\n<h4>Anmeldung<\/h4>\n\n<div class=\"wpcf7 no-js\" id=\"wpcf7-f53612-o1\" lang=\"de-DE\" dir=\"ltr\" data-wpcf7-id=\"53612\">\n<div class=\"screen-reader-response\"><p role=\"status\" aria-live=\"polite\" aria-atomic=\"true\"><\/p> <ul><\/ul><\/div>\n<form action=\"\/index.php\/wp-json\/wp\/v2\/dt_team\/497#wpcf7-f53612-o1\" method=\"post\" class=\"wpcf7-form init\" aria-label=\"Kontaktformular\" novalidate=\"novalidate\" data-status=\"init\">\n<fieldset class=\"hidden-fields-container\"><input type=\"hidden\" name=\"_wpcf7\" value=\"53612\" \/><input type=\"hidden\" name=\"_wpcf7_version\" value=\"6.1.5\" \/><input type=\"hidden\" name=\"_wpcf7_locale\" value=\"de_DE\" \/><input type=\"hidden\" name=\"_wpcf7_unit_tag\" value=\"wpcf7-f53612-o1\" \/><input type=\"hidden\" name=\"_wpcf7_container_post\" value=\"0\" \/><input type=\"hidden\" name=\"_wpcf7_posted_data_hash\" value=\"\" \/>\n<\/fieldset>\n<p>Bitte das folgende Formular ausf\u00fcllen und absenden.\n<\/p>\n<p><label> Vorname, Name: (Pflichtfeld)<br \/>\n<span class=\"wpcf7-form-control-wrap\" data-name=\"vorname-name\"><input size=\"40\" maxlength=\"400\" class=\"wpcf7-form-control wpcf7-text wpcf7-validates-as-required\" aria-required=\"true\" aria-invalid=\"false\" value=\"\" type=\"text\" name=\"vorname-name\" \/><\/span> <\/label><br \/>\n<label> Strasse Nr.(Pflichtfeld)<br \/>\n<span class=\"wpcf7-form-control-wrap\" data-name=\"strasse\"><input size=\"40\" maxlength=\"400\" class=\"wpcf7-form-control wpcf7-text wpcf7-validates-as-required\" aria-required=\"true\" aria-invalid=\"false\" value=\"\" type=\"text\" name=\"strasse\" \/><\/span> <\/label><br \/>\n<label> Adresszusatz<br \/>\n<span class=\"wpcf7-form-control-wrap\" data-name=\"zusatz\"><input size=\"40\" maxlength=\"400\" class=\"wpcf7-form-control wpcf7-text\" aria-invalid=\"false\" value=\"\" type=\"text\" name=\"zusatz\" \/><\/span> <\/label><br \/>\n<label> PLZ, Ort: (Pflichtfeld)<br \/>\n<span class=\"wpcf7-form-control-wrap\" data-name=\"plz-ort\"><input size=\"40\" maxlength=\"400\" class=\"wpcf7-form-control wpcf7-text wpcf7-validates-as-required\" aria-required=\"true\" aria-invalid=\"false\" value=\"\" type=\"text\" name=\"plz-ort\" \/><\/span> <\/label>\n<\/p>\n<p><label> Telefon: (Pflichtfeld)<br \/>\n<span class=\"wpcf7-form-control-wrap\" data-name=\"tel001\"><input size=\"40\" maxlength=\"400\" class=\"wpcf7-form-control wpcf7-tel wpcf7-validates-as-required wpcf7-text wpcf7-validates-as-tel\" aria-required=\"true\" aria-invalid=\"false\" value=\"\" type=\"tel\" name=\"tel001\" \/><\/span><\/label><br \/>\n<label> E-Mail: (Pflichtfeld)<br \/>\n<span class=\"wpcf7-form-control-wrap\" data-name=\"email001\"><input size=\"40\" maxlength=\"400\" class=\"wpcf7-form-control wpcf7-email wpcf7-validates-as-required wpcf7-text wpcf7-validates-as-email\" aria-required=\"true\" aria-invalid=\"false\" value=\"\" type=\"email\" name=\"email001\" \/><\/span> <\/label>\n<\/p>\n<p><span class=\"wpcf7-form-control-wrap\" data-name=\"Newsletter\"><span class=\"wpcf7-form-control wpcf7-checkbox\"><span class=\"wpcf7-list-item first last\"><input type=\"checkbox\" name=\"Newsletter[]\" value=\"Ja ich melde mich f\u00fcr die Newsletter von Textil und Kunst an.\" \/><span class=\"wpcf7-list-item-label\">Ja ich melde mich f\u00fcr die Newsletter von Textil und Kunst an.<\/span><\/span><\/span><\/span>\n<\/p>\n<p><label> Bemerkung:<br \/>\n<span class=\"wpcf7-form-control-wrap\" data-name=\"bemerkung\"><textarea cols=\"40\" rows=\"10\" maxlength=\"2000\" class=\"wpcf7-form-control wpcf7-textarea\" aria-invalid=\"false\" name=\"bemerkung\"><\/textarea><\/span><\/label>\n<\/p>\n<p><input class=\"wpcf7-form-control wpcf7-submit has-spinner\" type=\"submit\" value=\"Senden\" \/>\n<\/p><div class=\"wpcf7-response-output\" aria-hidden=\"true\"><\/div>\n<\/form>\n<\/div>\n\n","protected":false},"excerpt":{"rendered":"<p>Anhand eines selbstausgew\u00e4hltem Schnittmusters erarbeiten wir ein Kleidungsst\u00fcck&#8230;<\/p>\n","protected":false},"featured_media":53139,"comment_status":"closed","ping_status":"closed","template":"","dt_team_category":[224],"class_list":["post-497","dt_team","type-dt_team","status-publish","has-post-thumbnail","hentry","dt_team_category-kurse","dt_team_category-224","description-off"],"_links":{"self":[{"href":"https:\/\/textilundkunst.ch\/index.php\/wp-json\/wp\/v2\/dt_team\/497","targetHints":{"allow":["GET"]}}],"collection":[{"href":"https:\/\/textilundkunst.ch\/index.php\/wp-json\/wp\/v2\/dt_team"}],"about":[{"href":"https:\/\/textilundkunst.ch\/index.php\/wp-json\/wp\/v2\/types\/dt_team"}],"replies":[{"embeddable":true,"href":"https:\/\/textilundkunst.ch\/index.php\/wp-json\/wp\/v2\/comments?post=497"}],"wp:featuredmedia":[{"embeddable":true,"href":"https:\/\/textilundkunst.ch\/index.php\/wp-json\/wp\/v2\/media\/53139"}],"wp:attachment":[{"href":"https:\/\/textilundkunst.ch\/index.php\/wp-json\/wp\/v2\/media?parent=497"}],"wp:term":[{"taxonomy":"dt_team_category","embeddable":true,"href":"https:\/\/textilundkunst.ch\/index.php\/wp-json\/wp\/v2\/dt_team_category?post=497"}],"curies":[{"name":"wp","href":"https:\/\/api.w.org\/{rel}","templated":true}]}}